{"id":6993,"date":"2022-03-14T14:10:14","date_gmt":"2022-03-14T14:10:14","guid":{"rendered":"http:\/\/www.northcross.cl\/?page_id=6993"},"modified":"2025-09-24T16:09:07","modified_gmt":"2025-09-24T19:09:07","slug":"8-basico-b","status":"publish","type":"page","link":"https:\/\/www.northcross.cl\/index.php\/8-basico-b\/","title":{"rendered":"8\u00b0 B\u00c1SICO B"},"content":{"rendered":"\n<p class=\"has-cm-color-3-color has-vivid-red-background-color has-text-color has-background has-link-color wp-elements-b5fb74a03312b158dc5ba26c00ca0d40\"><strong>Prueba 8 b\u00e1sico B<\/strong><\/p>\n\n\n\n<p>Historia, geograf\u00eda y Cs. Sociales<\/p>\n\n\n\n<p>Fecha: 8 de octubre<\/p>\n\n\n\n<p>Prof: Sebasti\u00e1n&nbsp;Riquelme<\/p>\n\n\n\n<p>Tema: Proceso de independencia de Chile (1810-1823)<\/p>\n\n\n\n<p class=\"has-cm-color-3-color has-vivid-red-background-color has-text-color has-background has-link-color wp-elements-137d962fcc63974aaefda51944323ad6\"><strong>Control acumulativo &#8211; Ingl\u00e9s<\/strong><\/p>\n\n\n\n<p>Nombre Profesor(a): Carolina Quitral<br>Curso: 8vo b\u00e1sico B<br>Fecha de la evaluaci\u00f3n: Viernes 3 de Octubre<br>Contenido:<\/p>\n\n\n\n<ul class=\"wp-block-list\">\n<li>Reglas de la -S en la tercera persona<\/li>\n<\/ul>\n\n\n\n<p class=\"has-white-color has-vivid-red-background-color has-text-color has-background has-link-color wp-elements-6a7b7be79703ba01b913758fb758d960\"><strong>Evaluaci\u00f3n de Matem\u00e1ticas<\/strong><br>Prueba N\u00b04<\/p>\n\n\n\n<p>Nombre Profesora: Nataly Ortiz V.<br>Curso: 8\u00b0B<br>Fecha de la evaluaci\u00f3n: 02\/10\/2025<br>Contenido:<br>\u25cf Teorema de Pit\u00e1goras.<\/p>\n\n\n\n<p class=\"has-white-color has-vivid-red-background-color has-text-color has-background has-link-color wp-elements-9f607be83ddf30d710369f4d75e40a1f\"><strong>Evaluaci\u00f3n de Matem\u00e1ticas<\/strong><br>Control N\u00b02<\/p>\n\n\n\n<p>Nombre Profesora: Nataly Ortiz V.<br>Curso: 8\u00b0B<br>Fecha de la evaluaci\u00f3n: 29\/09\/2025<br>Contenido:<br>\u25cf Teorema de Pit\u00e1goras.<\/p>\n\n\n\n<p class=\"has-white-color has-vivid-red-background-color has-text-color has-background has-link-color wp-elements-3c45c1ebd5d983eca83e1c938d4d3efd\"><strong>(Evaluaci\u00f3n de Artes Visuales y Tecnolog\u00eda)<\/strong><\/p>\n\n\n\n<p>Nombre Profesora: Alejandra Gonz\u00e1lez<br>Curso: 8vo b\u00e1sico B<br>Fecha de la evaluaci\u00f3n: 22 de Septiembre<br>Contenido: Entrega de 6 posavasos realizados con telar.<\/p>\n\n\n\n<p class=\"has-white-color has-vivid-red-background-color has-text-color has-background has-link-color wp-elements-9c324f8f25bde09e2e592e1c74bd64de\"><strong>Evaluaci\u00f3n de Lectura complementaria (Lengua y Literatura)<\/strong><\/p>\n\n\n\n<p>Nombre Profesor: V\u00edctor Herrera<br>Curso: 8\u00b0 B<br>Fecha de la evaluaci\u00f3n: mi\u00e9rcoles 24 de septiembre de 2025<br>Contenido: \u201cUn monstruo viene a verme\u201d de Patrick Ness<\/p>\n\n\n\n<p class=\"has-white-color has-vivid-red-background-color has-text-color has-background has-link-color wp-elements-7a8495480a1a61865ab54da4d239c3c1\"><strong>Evaluaci\u00f3n de CCNN<\/strong><\/p>\n\n\n\n<p>Nombre Profesor(a): RODRIGO WIKE<br>Curso: 8BB<br>Fecha de la evaluaci\u00f3n: 09 septiembre 2025<br>Contenidos:<\/p>\n\n\n\n<ul class=\"wp-block-list\">\n<li>Niveles de organizaci\u00f3n de la materia<\/li>\n\n\n\n<li>Estructura qu\u00edmica de la materia<\/li>\n\n\n\n<li>Prote\u00ednas, carbohidratos, etc<\/li>\n\n\n\n<li>Estructuras de una planta<\/li>\n<\/ul>\n\n\n\n<p class=\"has-white-color has-vivid-red-background-color has-text-color has-background has-link-color wp-elements-14b0c937c91c1ae2390ea1cb77ebabef\"><strong>Evaluaci\u00f3n de Matem\u00e1ticas<br><\/strong>Prueba N\u00b03<\/p>\n\n\n\n<p>Nombre Profesora: Nataly Ortiz V.<br>Curso: 8\u00b0B<br>Fecha de la evaluaci\u00f3n: 08\/09\/2025<br>Contenido:<br>\u25cf \u00c1rea y volumen de prismas y cilindros.<\/p>\n\n\n\n<p class=\"has-white-color has-vivid-red-background-color has-text-color has-background has-link-color wp-elements-3455959bf894d3c5217dcabb47130e73\"><strong>(Evaluaci\u00f3n de M\u00fasica)<\/strong><\/p>\n\n\n\n<p>Nombre Profesor(a): Gabriel L\u00f3pez Carroza<br>Curso: 8vo b\u00e1sico B<br>Fecha de la evaluaci\u00f3n: 21 de agosto<br>Contenido: Evaluaci\u00f3n individual de interpretaci\u00f3n musical: Dominio de melod\u00eda (notas<br>musicales en instrumento musical o voz), precisi\u00f3n r\u00edtmica, pulso constante y trabajo en clases.<\/p>\n\n\n\n<p class=\"has-white-color has-vivid-red-background-color has-text-color has-background has-link-color wp-elements-c41d8ef8535a4cc0ba7ded0e9eeb6049\"><strong>EDUCACI\u00d3N F\u00cdSICA Y SALUD<\/strong><\/p>\n\n\n\n<p>Nombre Profesor(a):Ljubab Antonella Espinosa<br>Curso: 8vo B\u00e1sico B<br>Fecha de la evaluaci\u00f3n: 27\/08 Carnavalito (8vo B\u00e1sico B)<\/p>\n\n\n\n<p>Contenido:<br>\uf0b7 Se posiciona en su puesto de baile de manera ordenada esperando a que comience la<br>m\u00fasica.<br>\uf0b7 Muestra una postura adecuada trabajada en clases para la presentaci\u00f3n del baile.<br>\uf0b7 Reconoce y realiza pasos b\u00e1sicos del baile de manera correcta.<br>\uf0b7 Realiza movimientos de forma fluida siguiendo el ritmo de la m\u00fasica.<br>\uf0b7 Se preocupa de su apariencia personal para la presentaci\u00f3n.<br>\uf0b7 Realizar el baile con energ\u00eda demostrando entusiasmo.<br>\uf0b7 Demuestra un comportamiento acorde al contexto de una presentaci\u00f3n.<br>\uf0b7 Se presenta con su implemento o accesorio necesario para realizar el baile en caso que<br>lo necesite. (por ejemplo, pa\u00f1uelo)<\/p>\n\n\n\n<p class=\"has-white-color has-vivid-red-background-color has-text-color has-background has-link-color wp-elements-bd37b0fd2ff06621e8305949af1eb018\"><strong>EVALUACI\u00d3N DE HABILIDADES COMUNICATIVAS [TIMBRES]<\/strong><\/p>\n\n\n\n<p>Nombre Profesora: Jasm\u00edn Vargas<\/p>\n\n\n\n<p>Curso: 8vo b\u00e1sico B<\/p>\n\n\n\n<p>Fecha de la evaluaci\u00f3n: jueves 21\/08\/25<\/p>\n\n\n\n<p>Contenido: Revisi\u00f3n de timbres de actividades de la Unidad 3 (cierre nota de proceso)<\/p>\n\n\n\n<p class=\"has-white-color has-vivid-red-background-color has-text-color has-background has-link-color wp-elements-ad12a0b5f474d6854c79da64a769fcce\"><strong>CONTROL DE TALLER DE F\u00cdSICA<br><\/strong>7\u00b0 A, 7\u00b0B, 8\u00b0A Y 8\u00b0B<\/p>\n\n\n\n<p>PROFESOR: RODRIGO NAVAS F.<br>FECHA: 11-08-2025<br>CONTENIDOS:<br>\uf0b7 Ecuaciones de primer grado vistas en clases.<\/p>\n\n\n\n<p class=\"has-white-color has-vivid-red-background-color has-text-color has-background has-link-color wp-elements-7343283fd6b90f2b11e6ddf1275dd3a9\"><strong>Evaluaci\u00f3n de Unidad 3 de Lengua y Literatura<\/strong><\/p>\n\n\n\n<p>Nombre Profesor: V\u00edctor Herrera<br>Curso: 8\u00b0 B<br>Fecha de la evaluaci\u00f3n: mi\u00e9rcoles 6 de agosto de 2025<br>Contenido:<\/p>\n\n\n\n<p>\uf0b7 An\u00e1lisis de textos dram\u00e1ticos, en particular comedias, considerando conflicto<br>dram\u00e1tico, personajes y partes del lenguaje dram\u00e1tico (di\u00e1logos, mon\u00f3logos y<br>acotaciones).<br>\uf0b7 An\u00e1lisis e interpretaci\u00f3n de discursos p\u00fablicos.<\/p>\n\n\n\n<p class=\"has-white-color has-vivid-red-background-color has-text-color has-background has-link-color wp-elements-9c324f8f25bde09e2e592e1c74bd64de\"><strong>Evaluaci\u00f3n de Lectura complementaria (Lengua y Literatura)<\/strong><\/p>\n\n\n\n<p>Nombre Profesor: V\u00edctor Herrera<br>Curso: 8\u00b0 B<br>Fecha de la evaluaci\u00f3n: mi\u00e9rcoles 20 de agosto de 2025<br>Contenido: \u201cViaje al centro de la Tierra\u201d de Julio Verne<\/p>\n\n\n\n<p class=\"has-white-color has-vivid-red-background-color has-text-color has-background has-link-color wp-elements-60f95aa6eae0cab3f44959391be9b1ae\"><strong>Evaluaci\u00f3n de Matem\u00e1ticas<br><\/strong>Control N\u00b04<\/p>\n\n\n\n<p>Nombre Profesora: Nataly Ortiz V.<br>Curso: 8\u00b0B<br>Fecha de la evaluaci\u00f3n: 01\/08\/2025<br>Contenido:<br>\u25cf Funci\u00f3n Lineal.<\/p>\n\n\n\n<p class=\"has-white-color has-vivid-red-background-color has-text-color has-background has-link-color wp-elements-60b89cfd8c21f956688428c3da45e1e7\"><strong>Evaluaci\u00f3n de Matem\u00e1ticas<br><\/strong>Control N\u00b05<\/p>\n\n\n\n<p>Nombre Profesora: Nataly Ortiz V.<br>Curso: 8\u00b0B<br>Fecha de la evaluaci\u00f3n: 07\/08\/2025<br>Contenido:<br>\u25cf Funci\u00f3n Af\u00edn<\/p>\n\n\n\n<p class=\"has-white-color has-vivid-red-background-color has-text-color has-background has-link-color wp-elements-3c45c1ebd5d983eca83e1c938d4d3efd\"><strong>(Evaluaci\u00f3n de Artes Visuales y Tecnolog\u00eda)<\/strong><\/p>\n\n\n\n<p>Nombre Profesora: Alejandra Gonz\u00e1lez<br>Curso: 8vo B<br>Fecha de la evaluaci\u00f3n: 05 de Agosto<br>Contenido: Pixel Art digital<\/p>\n\n\n\n<p class=\"has-white-color has-vivid-red-background-color has-text-color has-background has-link-color wp-elements-fd8d354d739a47d19292c7224c15bcf9\"><strong>Historia y Geograf\u00eda<\/strong><\/p>\n\n\n\n<p>Nombre Profesor(a): Sebasti\u00e1n Riquelme<\/p>\n\n\n\n<p>Curso: 8vo B\u00e1sico B<\/p>\n\n\n\n<p>Fecha de la&nbsp;Prueba: Mi\u00e9rcoles 30 de Julio<\/p>\n\n\n\n<p>Contenido:&nbsp;&nbsp;La ilustraci\u00f3n<\/p>\n\n\n\n<p class=\"has-white-color has-vivid-red-background-color has-text-color has-background has-link-color wp-elements-776f39c709a063121d3840d2b105a38c\"><strong>Evaluaci\u00f3n de CIENCIAS NATURALES<\/strong><\/p>\n\n\n\n<p>Nombre Profesor(a): RODRIGO WIKE<br>Curso: 8BB<br>Fecha de la evaluaci\u00f3n: 29 julio 2025<br>Contenidos:<br>Unidad n\u00b03<br>\uf0fc ORGANELOS CELULARES<br>\uf0fc FUNCIONES DE LOS ORGANELOS CELULARES<br>\uf0fc TRANSPORTE CELULAR<br>\uf0fc MEMBRANA PLASM\u00c1TICA<\/p>\n\n\n\n<p class=\"has-white-color has-vivid-red-background-color has-text-color has-background has-link-color wp-elements-84e77267eaabf090d323d7c150703507\"><strong>Evaluaci\u00f3n de Lectura Complementaria (Lengua y Literatura)<\/strong><\/p>\n\n\n\n<p>Nombre Profesor: V\u00edctor Herrera<br>Curso: 8\u00b0 B<br>Fecha de la evaluaci\u00f3n: lunes 28 de julio de 2025<br>Contenido: \u201cComo en Santiago\u201d de Daniel Barros Grez<\/p>\n\n\n\n<p class=\"has-white-color has-vivid-red-background-color has-text-color has-background has-link-color wp-elements-3c45c1ebd5d983eca83e1c938d4d3efd\"><strong>(Evaluaci\u00f3n de Artes Visuales y Tecnolog\u00eda)<\/strong><\/p>\n\n\n\n<p>Nombre Profesora: Alejandra Gonz\u00e1lez<br>Curso: 8vo b\u00e1sico B<br>Fecha de la evaluaci\u00f3n: 03 de Junio<br>Contenido: Entrega de Pixel Art<\/p>\n\n\n\n<p class=\"has-white-color has-vivid-red-background-color has-text-color has-background has-link-color wp-elements-ff02074d4bb9d349e018846a3d16cced\"><strong>Prueba Unidad 2 &#8211; Ingl\u00e9s<\/strong><\/p>\n\n\n\n<p>Nombre Profesor(a): Carolina Quitral<br>Curso: 8vo b\u00e1sico B<br>Fecha de la evaluaci\u00f3n: Viernes 6 de Junio<br>Contenido:<\/p>\n\n\n\n<ul class=\"wp-block-list\">\n<li>Reglas de los adjetivos comparativos<\/li>\n\n\n\n<li>Reglas de los adjetivos superlativos<\/li>\n\n\n\n<li>Vocabulario unidad<\/li>\n<\/ul>\n\n\n\n<p class=\"has-white-color has-vivid-red-background-color has-text-color has-background has-link-color wp-elements-7a8495480a1a61865ab54da4d239c3c1\"><strong>Evaluaci\u00f3n de CCNN<\/strong><\/p>\n\n\n\n<p>Nombre Profesor(a): RODRIGO WIKE<br>Curso: 8BB<br>Fecha de la evaluaci\u00f3n: 30 MAYO 2025<br>Contenidos:<\/p>\n\n\n\n<ul class=\"wp-block-list\">\n<li>EVALUACI\u00d3N DE EJERCICIOS \u201cLEY DE OHM\u201d<\/li>\n\n\n\n<li>NOTA ACUMULATIVA<\/li>\n<\/ul>\n\n\n\n<p>PRUEBA DE CIENCIAS NATURALES<\/p>\n\n\n\n<p>Fecha evaluaci\u00f3n: 10 JUNIO 2025<br>Calor y temperatura<br>Electricidad<br>Ejercicios ley de Ohm<\/p>\n\n\n\n<p class=\"has-white-color has-vivid-red-background-color has-text-color has-background has-link-color wp-elements-7a8495480a1a61865ab54da4d239c3c1\"><strong>Evaluaci\u00f3n de CCNN<\/strong><\/p>\n\n\n\n<p>Nombre Profesor(a): RODRIGO WIKE<br>Curso: 8BB<br>Fecha de la evaluaci\u00f3n: 11 JUNIO 2025<br>Contenidos:<\/p>\n\n\n\n<ul class=\"wp-block-list\">\n<li>FUERZA<\/li>\n\n\n\n<li>PROPIEDADES<\/li>\n\n\n\n<li>QUE ES LA FUERZA<\/li>\n\n\n\n<li>EFECTOS DE LA FUERZA EN EL ENTORNO<\/li>\n<\/ul>\n\n\n\n<p class=\"has-white-color has-vivid-red-background-color has-text-color has-background has-link-color wp-elements-fe835e0b07e70019d85383c6aed6deb2\"><strong>Evaluaci\u00f3n de CPLA<\/strong><\/p>\n\n\n\n<p>Nombre Profesor(a): RODRIGO WIKE<br>Curso: 8BB<br>Fecha de la evaluaci\u00f3n: 30 MAYO 2025<br>Contenidos:<\/p>\n\n\n\n<ul class=\"wp-block-list\">\n<li>EVALUACI\u00d3N DE EJERCICIOS \u201cLEY DE OHM\u201d<\/li>\n\n\n\n<li>NOTA ACUMULATIVA<\/li>\n<\/ul>\n\n\n\n<p>PRUEBA DE CIENCIAS NATURALES<\/p>\n\n\n\n<p>Fecha evaluaci\u00f3n: 10 JUNIO 2025<br>Calor y temperatura<br>Electricidad<br>Ejercicios ley de Ohm<\/p>\n\n\n\n<p class=\"has-white-color has-vivid-red-background-color has-text-color has-background has-link-color wp-elements-14b0c937c91c1ae2390ea1cb77ebabef\"><strong>Evaluaci\u00f3n de Matem\u00e1ticas<br><\/strong>Prueba N\u00b03<\/p>\n\n\n\n<p>Nombre Profesora: Nataly Ortiz V.<br>Curso: 8\u00b0B<br>Fecha de la evaluaci\u00f3n: 29\/05\/2025<br>Contenido:<br>\u25cf Reducci\u00f3n y multiplicaci\u00f3n de t\u00e9rminos semejantes<br>\u25cf Resolver e interpretar situaciones contextualizadas.<\/p>\n\n\n\n<p class=\"has-white-color has-vivid-red-background-color has-text-color has-background has-link-color wp-elements-a3895e77516d6391e3cc18797eb890ae\"><strong>Evaluaci\u00f3n de Matem\u00e1ticas<br><\/strong>Prueba N\u00b04<\/p>\n\n\n\n<p>Nombre Profesora: Nataly Ortiz V.<br>Curso: 8\u00b0B<br>Fecha de la evaluaci\u00f3n: 11\/06\/2025<br>Contenido:<br>\u25cf Resolver y representar situaciones utilizando ecuaciones de primer grado.<\/p>\n\n\n\n<p class=\"has-white-color has-vivid-red-background-color has-text-color has-background has-link-color wp-elements-b02700ad480845d0fe18ef3380a93f50\"><strong>Evaluaci\u00f3n de Matem\u00e1ticas<br><\/strong>Prueba N\u00b01<br>Segundo semestre<\/p>\n\n\n\n<p>Nombre Profesora: Nataly Ortiz V.<br>Curso: 8\u00b0B<br>Fecha de la evaluaci\u00f3n: 14\/07\/2025<br>Contenido:<br>\u25cf Resolver y representar situaciones utilizando inecuaciones de primer grado.<\/p>\n\n\n\n<p class=\"has-white-color has-vivid-red-background-color has-text-color has-background has-link-color wp-elements-511a9ce4e82995340ebea4eca02a9189\"><strong>Evaluaci\u00f3n de Matem\u00e1ticas<br><\/strong>Control N\u00b01<\/p>\n\n\n\n<p>Nombre Profesora: Nataly Ortiz V.<br>Curso: 8\u00b0B<br>Fecha de la evaluaci\u00f3n: 26\/05\/2025<br>Contenido:<br>\u25cf Reducci\u00f3n y multiplicaci\u00f3n de t\u00e9rminos semejantes.<\/p>\n\n\n\n<p class=\"has-white-color has-vivid-red-background-color has-text-color has-background has-link-color wp-elements-2c66387b68627096ebfb7b4a4540f14f\"><strong>Evaluaci\u00f3n de Matem\u00e1ticas<br><\/strong>Control N\u00b02<\/p>\n\n\n\n<p>Nombre Profesora: Nataly Ortiz V.<br>Curso: 8\u00b0B<br>Fecha de la evaluaci\u00f3n: 05\/06\/2025<br>Contenido:<br>\u25cf Ecuaciones de primer grado.<\/p>\n\n\n\n<p class=\"has-white-color has-vivid-red-background-color has-text-color has-background has-link-color wp-elements-04cbafffc75c7df626b4fb2ecf281594\"><strong>Evaluaci\u00f3n de Matem\u00e1ticas<br><\/strong>Control N\u00b03<\/p>\n\n\n\n<p>Nombre Profesora: Nataly Ortiz V.<br>Curso: 8\u00b0B<br>Fecha de la evaluaci\u00f3n: 10\/07\/2025<br>Contenido:<br>\u25cf Inecuaciones de primer grado.<\/p>\n\n\n\n<p class=\"has-white-color has-vivid-red-background-color has-text-color has-background has-link-color wp-elements-1ed19aa391a51c876dea155b66505e86\">CONTROL DE TALLER DE F\u00cdSICA<br>7mos A y B; 8vos A y B<\/p>\n\n\n\n<p>PROFESOR: RODRIGO NAVAS F.<br>FECHA: 26-05-2025<br>CONTENIDOS: LECTURA CIENT\u00cdFICA<\/p>\n\n\n\n<p class=\"has-white-color has-vivid-red-background-color has-text-color has-background has-link-color wp-elements-60685efc4b9b994a8b8530acf48ea2bb\">Prueba&nbsp;8vo B\u00e1sico B<\/p>\n\n\n\n<p>Historia y Geograf\u00eda<\/p>\n\n\n\n<p>Nombre Profesor(a): Sebasti\u00e1n Riquelme<\/p>\n\n\n\n<p>Curso: 8vo B\u00e1sico B<\/p>\n\n\n\n<p>Fecha de la&nbsp;Prueba: Mi\u00e9rcoles 28 de Mayo<\/p>\n\n\n\n<p>Contenido:&nbsp;&nbsp;La conquista de Am\u00e9rica y la administraci\u00f3n colonial<\/p>\n\n\n\n<p class=\"has-white-color has-vivid-red-background-color has-text-color has-background has-link-color wp-elements-25ed31d72f67e61d1a379d2441fae4dd\">Evaluaci\u00f3n de Lengua y Literatura<\/p>\n\n\n\n<p>Nombre Profesor: V\u00edctor Herrera<br>Curso: 8\u00b0 B<br>Fecha de la evaluaci\u00f3n: lunes 9 de junio de 2025<br>Contenido: Revisi\u00f3n de timbres por actividades de clase del primer semestre.<\/p>\n\n\n\n<p class=\"has-white-color has-vivid-red-background-color has-text-color has-background has-link-color wp-elements-82ba268449322af4997da6d22b02cbfd\">Evaluaci\u00f3n de Unidad 2 de Lengua y Literatura<\/p>\n\n\n\n<p>Nombre Profesor: V\u00edctor Herrera<br>Curso: 8\u00b0 B<br>Fecha de la evaluaci\u00f3n: mi\u00e9rcoles 4 de junio de 2025<br>Contenido:<\/p>\n\n\n\n<p>2<\/p>\n\n\n\n<p>An\u00e1lisis de textos de los medios de comunicaci\u00f3n, considerando:<br>\uf0b7 Reconocer prop\u00f3sitos expl\u00edcitos e impl\u00edcitos.<br>\uf0b7 Distinguir hechos y opiniones.<br>\uf0b7 Identificar prejuicios y estereotipos.<br>\uf0b7 Reconocer la postura del autor y sus argumentos en un texto argumentativo.<\/p>\n\n\n\n<p class=\"has-white-color has-vivid-red-background-color has-text-color has-background has-link-color wp-elements-bd37b0fd2ff06621e8305949af1eb018\"><strong>EVALUACI\u00d3N DE HABILIDADES COMUNICATIVAS [TIMBRES]<\/strong><\/p>\n\n\n\n<p>Nombre Profesora: Jasm\u00edn Vargas<\/p>\n\n\n\n<p>Curso: 8vo b\u00e1sico B<\/p>\n\n\n\n<p>Fecha de la evaluaci\u00f3n: jueves 29\/05\/25<\/p>\n\n\n\n<p>Contenido: Revisi\u00f3n de timbres de actividades de la Unidad 2, parte 2 (cierre nota de proceso)<\/p>\n\n\n\n<p class=\"has-white-color has-vivid-red-background-color has-text-color has-background has-link-color wp-elements-7730fa97fe41ebbf22b0e987dd1c5005\">EDUCACI\u00d3N F\u00cdSICA Y SALUD<\/p>\n\n\n\n<p>Nombre Profesor(a):Ljubab Antonella Espinosa<br>Curso: 8vo B\u00e1sico A y 8vo B\u00e1sico B<br>Fecha de la evaluaci\u00f3n: 30\/05 y 06\/06 (8vo B\u00e1sico A)<br>Fecha de la evaluaci\u00f3n: 28\/05 y 04\/06 (8vo B\u00e1sico B)<br>Contenido: Pr\u00e1ctica de deportes colectivos y rendir evaluaci\u00f3n preparando un ejercicio seg\u00fan<br>elecci\u00f3n (voleibol, f\u00fatbol o basquetbol).<\/p>\n\n\n\n<p class=\"has-white-color has-vivid-red-background-color has-text-color has-background has-link-color wp-elements-57a12b27e49168ce09e0a87117f2909f\">EVALUACI\u00d3N DE TALLER DE HABILIDADES COMUNICATIVAS [TIMBRES]<\/p>\n\n\n\n<p>Nombre Profesora: Jasm\u00edn Vargas<\/p>\n\n\n\n<p>Curso: 8vo b\u00e1sico B<\/p>\n\n\n\n<p>Fecha de la evaluaci\u00f3n: jueves 15\/05\/25<\/p>\n\n\n\n<p>Contenido: Revisi\u00f3n de timbres de actividades de la Unidad 2 (cierre nota de proceso)<\/p>\n\n\n\n<p class=\"has-white-color has-vivid-red-background-color has-text-color has-background has-link-color wp-elements-e74b279861990b49a7aa103021a7a1d8\">Evaluaci\u00f3n acumulativa N\u00b03 &#8211; Ingl\u00e9s<\/p>\n\n\n\n<p>Nombre Profesor(a): Carolina Quitral<br>Curso: 8vo b\u00e1sico B<br>Fecha de la evaluaci\u00f3n: Martes 27 de Mayo<br>Contenido:<\/p>\n\n\n\n<ul class=\"wp-block-list\">\n<li>Superlativos<\/li>\n<\/ul>\n\n\n\n<p class=\"has-white-color has-vivid-red-background-color has-text-color has-background has-link-color wp-elements-9cce5ce5e783ab83858396ba06194efb\">Evaluaci\u00f3n acumulativa N\u00b02 &#8211; Ingl\u00e9s<\/p>\n\n\n\n<p>Nombre Profesor(a): Carolina Quitral<br>Curso: 8vo b\u00e1sico B<br>Fecha de la evaluaci\u00f3n: Viernes 23 de Mayo<br>Contenido:<\/p>\n\n\n\n<ul class=\"wp-block-list\">\n<li>Ficha trabajo paises<\/li>\n<\/ul>\n\n\n\n<p class=\"has-white-color has-vivid-red-background-color has-text-color has-background has-link-color wp-elements-2549c9163df36d909f8fc39fe7970f06\">Evaluaci\u00f3n acumulativa N\u00b01 &#8211; Ingl\u00e9s<\/p>\n\n\n\n<p>Nombre Profesor(a): Carolina Quitral<br>Curso: 8vo B\u00e1sico B<br>Fecha de la evaluaci\u00f3n: Viernes 16 de Mayo<br>Contenido:<\/p>\n\n\n\n<ul class=\"wp-block-list\">\n<li>Comparativos<\/li>\n<\/ul>\n\n\n\n<p class=\"has-white-color has-vivid-red-background-color has-text-color has-background has-link-color wp-elements-83d84f8a6a71b12a8e17fcc070885d08\"><strong>Evaluaci\u00f3n de lectura complementaria (Lengua y Literatura)<\/strong><\/p>\n\n\n\n<p>Nombre Profesor: V\u00edctor Herrera<\/p>\n\n\n\n<p>Curso: 8\u00b0 B<\/p>\n\n\n\n<p>Fecha de la evaluaci\u00f3n: lunes 26 de mayo<\/p>\n\n\n\n<p>Contenido: \u201cAsesinato en el Orient Express\u201d de Agatha Christie.<\/p>\n\n\n\n<p class=\"has-white-color has-vivid-red-background-color has-text-color has-background has-link-color wp-elements-3455959bf894d3c5217dcabb47130e73\"><strong>(Evaluaci\u00f3n de M\u00fasica)<\/strong><\/p>\n\n\n\n<p>Nombre Profesor(a): Gabriel L\u00f3pez Carroza<br>Curso: 8vo b\u00e1sico B<br>Fecha de la evaluaci\u00f3n: 8 de mayo<br>Contenido: Evaluaci\u00f3n grupal de canci\u00f3n \u201cTren al sur\u201d<\/p>\n\n\n\n<p class=\"has-white-color has-vivid-red-background-color has-text-color has-background has-link-color wp-elements-3c45c1ebd5d983eca83e1c938d4d3efd\"><strong>(Evaluaci\u00f3n de Artes Visuales y Tecnolog\u00eda)<\/strong><\/p>\n\n\n\n<p>Nombre Profesora: Alejandra Gonz\u00e1lez<br>Curso: 8vo b\u00e1sico B<br>Fecha de la evaluaci\u00f3n: 29 de Abril<br>Contenido: Entrega de Stencil + paisaje<\/p>\n\n\n\n<p class=\"has-white-color has-vivid-red-background-color has-text-color has-background has-link-color wp-elements-60f95aa6eae0cab3f44959391be9b1ae\"><strong>Evaluaci\u00f3n de Matem\u00e1ticas<br><\/strong>Control N\u00b04<\/p>\n\n\n\n<p>Nombre Profesora: Nataly Ortiz V.<br>Curso: 8\u00b0B<br>Fecha de la evaluaci\u00f3n: 05\/05\/2025<br>Contenido:<br>\u25cf Aplicar la variaci\u00f3n porcentual en la resoluci\u00f3n de problemas.<\/p>\n\n\n\n<p class=\"has-white-color has-vivid-red-background-color has-text-color has-background has-link-color wp-elements-60b89cfd8c21f956688428c3da45e1e7\"><strong>Evaluaci\u00f3n de Matem\u00e1ticas<br><\/strong>Control N\u00b05<\/p>\n\n\n\n<p>Nombre Profesora: Nataly Ortiz V.<br>Curso: 8\u00b0B<br>Fecha de la evaluaci\u00f3n: 13\/05\/2025<br>Contenido:<br>\u25cf Resolver ejercicios aplicando los contenidos vistos en la unidad N\u00b01. N\u00fameros enteros,<br>racionales, potencias, ra\u00edces cuadradas y variaci\u00f3n porcentual.<\/p>\n\n\n\n<p class=\"has-white-color has-vivid-red-background-color has-text-color has-background has-link-color wp-elements-dff396cf559b3cb114a04de6dbc6b06b\"><strong>Evaluaci\u00f3n de Matem\u00e1ticas<br><\/strong>Prueba N\u00b02<\/p>\n\n\n\n<p>Nombre Profesora: Nataly Ortiz V.<br>Curso: 8\u00b0B<br>Fecha de la evaluaci\u00f3n: 08\/05\/2025<br>Contenido:<br>\u25cf Potencias y sus propiedades.<br>\u25cf Ra\u00edz cuadrada.<br>\u25cf Variaci\u00f3n porcentual.<br>\u25cf Resolver e interpretar situaciones contextualizadas.<\/p>\n\n\n\n<p class=\"has-white-color has-vivid-red-background-color has-text-color has-background has-link-color wp-elements-fd8d354d739a47d19292c7224c15bcf9\"><strong>Historia y Geograf\u00eda<\/strong><\/p>\n\n\n\n<p>Nombre Profesor(a): Sebasti\u00e1n Riquelme<\/p>\n\n\n\n<p>Fecha de la Prueba: Mi\u00e9rcoles&nbsp;30 de Abril<\/p>\n\n\n\n<p>Contenido:&nbsp; &#8211; Estado Moderno<\/p>\n\n\n\n<p>&nbsp; &nbsp; &nbsp; &nbsp; &nbsp; &nbsp; &nbsp; &nbsp; &nbsp; &nbsp; &nbsp; -Mercantilismo<\/p>\n\n\n\n<p>&nbsp; &nbsp; &nbsp; &nbsp; &nbsp; &nbsp; &nbsp; &nbsp; &nbsp; &nbsp; &nbsp; -Expansi\u00f3n&nbsp;europea<\/p>\n\n\n\n<p>&nbsp; &nbsp; &nbsp; &nbsp; &nbsp; &nbsp; &nbsp; &nbsp; &nbsp; &nbsp; &nbsp; -Reforma religiosa<\/p>\n\n\n\n<p class=\"has-white-color has-vivid-red-background-color has-text-color has-background has-link-color wp-elements-84e77267eaabf090d323d7c150703507\"><strong>Evaluaci\u00f3n de Lectura Complementaria (Lengua y Literatura)<\/strong><\/p>\n\n\n\n<p>Nombre Profesor: V\u00edctor Herrera<br>Curso: 8\u00b0 B<br>Fecha de la evaluaci\u00f3n: lunes 28 de abril de 2025<br>Contenido: \u201cLa llamada de la selva\u201d de Jack London<\/p>\n\n\n\n<p class=\"has-white-color has-vivid-red-background-color has-text-color has-background has-link-color wp-elements-68b9daa0ffe690ed9ca08688e206ca7d\"><strong>PRUEBA DE TALLER DE F\u00cdSICA<br><\/strong>8\u00b0 B\u00c1SICO A Y 8\u00b0 B\u00c1SICO B<\/p>\n\n\n\n<p>PROFESOR: RODRIGO NAVAS F.<br>FECHA: 21-04-2025<br>CONTENIDOS: QU\u00c9 ES LA F\u00cdSICA<\/p>\n\n\n\n<ol class=\"wp-block-list\">\n<li>Lectura cient\u00edfica del Envejecimiento.<\/li>\n\n\n\n<li>Preguntas 1, 6, 7, 8, 9, 10 y 11 de la gu\u00eda.<\/li>\n<\/ol>\n\n\n\n<p class=\"has-white-color has-vivid-red-background-color has-text-color has-background has-link-color wp-elements-250de3dd49aaf79f7c6160f1198b0f42\"><strong>Evaluaci\u00f3n de GU\u00cdA NOTA ACUMULATIVA CIENCIAS NATURALES<\/strong><\/p>\n\n\n\n<p>Nombre Profesor(a): RODRIGO WIKE<br>Curso: 8BB<br>Fecha de la evaluaci\u00f3n: 22 ABRIL 2025<br>Contenidos:<br>\uf0fc TABLA PERI\u00d3DICA DE LOS ELEMENTOS QU\u00cdMICOS<br>\uf0fc PROPIEDADES PERI\u00d3DICAS<br>\uf0fc GRUPOS Y PERIODOS DE TABLA PERI\u00d3DICA<br>\uf0fc DETERMINAR IONES<\/p>\n\n\n\n<hr class=\"wp-block-separator has-alpha-channel-opacity\"\/>\n\n\n\n<p class=\"has-white-color has-vivid-red-background-color has-text-color has-background has-link-color wp-elements-377380e16892de2c94101555eb35018f\"><strong>Evaluaci\u00f3n de PRUEBA CIENCIAS NATURALES<\/strong><\/p>\n\n\n\n<p>Nombre Profesor(a): RODRIGO WIKE<br>Curso: 8B<br>Fecha de la evaluaci\u00f3n: 29 ABRIL 2025<br>Contenidos:<br>\uf0fc \uf0fc TABLA PERI\u00d3DICA DE LOS ELEMENTOS QU\u00cdMICOS<br>\uf0fc \uf0fc PROPIEDADES PERI\u00d3DICAS<br>\uf0fc \uf0fc GRUPOS Y PERIODOS DE TABLA PERI\u00d3DICA<br>\uf0fc \uf0fc DETERMINAR IONES<\/p>\n\n\n\n<p class=\"has-white-color has-vivid-red-background-color has-text-color has-background has-link-color wp-elements-04cbafffc75c7df626b4fb2ecf281594\"><strong>Evaluaci\u00f3n de Matem\u00e1ticas<br><\/strong>Control N\u00b03<\/p>\n\n\n\n<p>Nombre Profesora: Nataly Ortiz V.<br>Curso: 8\u00b0B<br>Fecha de la evaluaci\u00f3n: 17\/04\/2025<br>Contenido:<br>\u25cf Aplicar las propiedades de potencias en la resoluci\u00f3n de ejercicios.<br>\u25cf Resoluci\u00f3n de ejercicios usando Ra\u00edz cuadrada.<br>\u25cf Resolver situaciones contextualizadas.<\/p>\n\n\n\n<p class=\"has-white-color has-vivid-red-background-color has-text-color has-background has-link-color wp-elements-c41d8ef8535a4cc0ba7ded0e9eeb6049\"><strong>EDUCACI\u00d3N F\u00cdSICA Y SALUD<\/strong><\/p>\n\n\n\n<p>Nombre Profesor(a):Ljubab Antonella Espinosa<br>Curso: 8vo B\u00e1sico A y 8vo B\u00e1sico B<br>Fecha de la evaluaci\u00f3n: 25\/04 (8vo B\u00e1sico A)<br>Fecha de la evaluaci\u00f3n: 23\/04 (8vo B\u00e1sico B)<br>Contenido:<br>Entrega de trabajo fomentando la actividad f\u00edsica fuera del horario escolar.<br>-Trabajo en formato PPT o Canva (tipo presentaci\u00f3n).<br>-La portada de la presentaci\u00f3n contiene la siguiente informaci\u00f3n: T\u00edtulo del trabajo; Nombre del<br>colegio; Fecha; Curso; Nombre de los Integrantes y Nombre de la Docente.<br>Realiza 4 actividades en 4 fechas diferentes<br>-Presenta informaci\u00f3n de Fc Inicial (antes) y Fc despu\u00e9s del ejercicio de cada integrante en las<br>diferentes actividades.<br>-Incluye nombre de cada actividad realizada explicando su procedimiento y beneficios.<br>-Comenta en el trabajo las mejoras que pudo percibir al aplicar su plan de entrenamiento.<br>-Presenta fotograf\u00edas y\/o videos donde se vea claramente el rostro de los integrantes realizando<br>los ejercicios en cada una de las actividades.<\/p>\n\n\n\n<p class=\"has-white-color has-vivid-red-background-color has-text-color has-background has-link-color wp-elements-1194f18831e4b106edb27c41e59cab80\"><strong>EVALUACI\u00d3N TALLER DE HABILIDADES COMUNICATIVAS [TIMBRES]<\/strong><\/p>\n\n\n\n<p>Nombre Profesora: Jasm\u00edn Vargas<\/p>\n\n\n\n<p>Curso: 8vo b\u00e1sico B<\/p>\n\n\n\n<p>Fecha de la evaluaci\u00f3n: jueves 10\/04\/25<\/p>\n\n\n\n<p>Contenido: Revisi\u00f3n de timbres de actividades de la Unidad 1 (cierre nota de proceso)<\/p>\n\n\n\n<p class=\"has-white-color has-vivid-red-background-color has-text-color has-background has-link-color wp-elements-7357ec7bca4c4d02f05441e60fa233c1\"><strong>Evaluaci\u00f3n de Unidad 1 de Lengua y Literatura<\/strong><\/p>\n\n\n\n<p>Nombre Profesor: V\u00edctor Herrera<br>Curso: 8\u00b0 B<br>Fecha de la evaluaci\u00f3n: mi\u00e9rcoles 9 de abril de 2025<br>Contenido:<br>An\u00e1lisis e interpretaci\u00f3n de textos narrativos, considerando: tipos de narradores, personajes<br>tipo, disposici\u00f3n temporal de los hechos, prejuicios y estereotipos.<br>An\u00e1lisis e interpretaci\u00f3n de textos po\u00e9ticos.<\/p>\n\n\n\n<p class=\"has-white-color has-vivid-red-background-color has-text-color has-background has-link-color wp-elements-3af52d121d331aac11b33ca1a17e6b25\"><strong>Prueba Unidad 1 &#8211; Ingl\u00e9s<\/strong><\/p>\n\n\n\n<p>Nombre Profesor(a): Carolina Quitral<br>Curso: 8\u00b0 b\u00e1sico B<br>Fecha de la evaluaci\u00f3n: Viernes 11 de Abril<br>Contenido:<\/p>\n\n\n\n<ul class=\"wp-block-list\">\n<li>Vocabulario unidad<\/li>\n\n\n\n<li>Presente simple (oraciones afirmativas, negativas y preguntas)<\/li>\n\n\n\n<li>Likes and dislikes<\/li>\n\n\n\n<li>Much and many (contable e incontable)<\/li>\n<\/ul>\n\n\n\n<p class=\"has-white-color has-vivid-red-background-color has-text-color has-background has-link-color wp-elements-572661008a682bb7d56c1d60d5970219\"><strong>(Evaluaci\u00f3n de Artes Visuales)<\/strong><\/p>\n\n\n\n<p>Nombre Profesora: Alejandra Gonz\u00e1lez<br>Curso: 8vo b\u00e1sico B<br>Fecha de la evaluaci\u00f3n: 07 de Abril<br>Contenido: Entrega de Libro de \u201cEscala de valores y achurados en flora y fauna nativa\u201d<\/p>\n\n\n\n<p class=\"has-white-color has-vivid-red-background-color has-text-color has-background has-link-color wp-elements-4ef0c80f056349288e734d1f67e56df7\"><strong>(Evaluaci\u00f3n de Tecnolog\u00eda)<\/strong><\/p>\n\n\n\n<p>Nombre Profesora: Alejandra Gonz\u00e1lez<br>Curso: 8vo b\u00e1sico B<br>Fecha de la evaluaci\u00f3n: 01 de Abril<br>Contenido: Entrega de afiches publicitarios con modificaciones en el producto y su respectivo<br>logo<\/p>\n\n\n\n<p class=\"has-white-color has-vivid-red-background-color has-text-color has-background has-link-color wp-elements-7e541c321a6cc648085bd73d7037c643\"><strong>Historia, Geograf\u00eda y Cs. Sociales<\/strong><\/p>\n\n\n\n<p>Nombre Profesor(a): Sebasti\u00e1n Riquelme<\/p>\n\n\n\n<p>Curso: 8 b\u00e1sico B<\/p>\n\n\n\n<p>Fecha de la Prueba: Mi\u00e9rcoles 2 de abril.<\/p>\n\n\n\n<p>Contenido:&nbsp; 1- El paso de la edad media&nbsp;a la \u00e9poca&nbsp;moderna, cambio de mentalidad<\/p>\n\n\n\n<p>&nbsp; &nbsp; &nbsp; &nbsp; &nbsp; &nbsp; &nbsp; &nbsp; &nbsp; &nbsp; &nbsp; 2- El Humanismo como movimiento intelectual<\/p>\n\n\n\n<p>&nbsp; &nbsp; &nbsp; &nbsp; &nbsp; &nbsp; &nbsp; &nbsp; &nbsp; &nbsp; &nbsp; 3-&nbsp; El renacimiento, sus etapas y el aporte art\u00edstico<\/p>\n\n\n\n<p class=\"has-white-color has-vivid-red-background-color has-text-color has-background has-link-color wp-elements-c41d8ef8535a4cc0ba7ded0e9eeb6049\"><strong>EDUCACI\u00d3N F\u00cdSICA Y SALUD<\/strong><\/p>\n\n\n\n<p>Nombre Profesor(a):Ljubab Antonella Espinosa<br>Curso: 8vo B\u00e1sico A y 8vo B\u00e1sico B<br><br>Fecha de la evaluaci\u00f3n: 09\/04 (8vo B\u00e1sico B)<br>Contenido: Trabajo de mejoramiento de la capacidad aer\u00f3bica y respiratoria con un trote<br>continuo de ritmo personal por un tiempo de 15 minutos.<br>No se exige cantidad de vueltas ni tampoco velocidad del trote. Solo que el ritmo del trote<br>debe permitir al estudiante poder lograr el trabajo sin detenerse.<\/p>\n\n\n\n<p class=\"has-white-color has-vivid-red-background-color has-text-color has-background has-link-color wp-elements-a106a16bae06130abdc16da704819c02\"><strong>Control acumulativo N\u00b01 &#8211; Ingl\u00e9s<\/strong><\/p>\n\n\n\n<p>Nombre Profesor(a): Carolina Quitral<br>Curso: 8vo b\u00e1sico B<br>Fecha de la evaluaci\u00f3n: Viernes 21 de Marzo<br>Contenido:<\/p>\n\n\n\n<ul class=\"wp-block-list\">\n<li>Expresiones de cantidad Much y Many<\/li>\n<\/ul>\n\n\n\n<p class=\"has-white-color has-vivid-red-background-color has-text-color has-background has-link-color wp-elements-511a9ce4e82995340ebea4eca02a9189\"><strong>Evaluaci\u00f3n de Matem\u00e1ticas<br><\/strong>Control N\u00b01<\/p>\n\n\n\n<p>Nombre Profesora: Nataly Ortiz V.<br>Curso: 8\u00b0B<br>Fecha de la evaluaci\u00f3n: 13\/03\/2025<br>Contenido:<br>\u25cf Resolver ejercicios combinados de multiplicaci\u00f3n y divisi\u00f3n de n\u00fameros enteros.<br>\u25cf Resolver e interpretar situaciones matem\u00e1ticas en contexto cotidiano.<br>\u25cf Ubicar n\u00fameros racionales en la recta num\u00e9rica.<\/p>\n\n\n\n<p class=\"has-white-color has-vivid-red-background-color has-text-color has-background has-link-color wp-elements-2c66387b68627096ebfb7b4a4540f14f\"><strong>Evaluaci\u00f3n de Matem\u00e1ticas<br><\/strong>Control N\u00b02<\/p>\n\n\n\n<p>Nombre Profesora: Nataly Ortiz V.<br>Curso: 8\u00b0B<br>Fecha de la evaluaci\u00f3n: 27\/03\/2025<br>Contenido:<br>\u25cf Resolver ejercicios combinados de multiplicaci\u00f3n y divisi\u00f3n de n\u00fameros enteros.<br>\u25cf Resolver e interpretar situaciones matem\u00e1ticas en contexto cotidiano.<br>\u25cf Ubicar n\u00fameros racionales en la recta num\u00e9rica.<\/p>\n\n\n\n<p class=\"has-white-color has-vivid-red-background-color has-text-color has-background has-link-color wp-elements-1130a010d463019bdea866c0a258b62e\"><strong>Evaluaci\u00f3n de Matem\u00e1ticas<br><\/strong>Prueba N\u00b01<\/p>\n\n\n\n<p>Nombre Profesora: Nataly Ortiz V.<br>Curso: 8\u00b0B<br>Fecha de la evaluaci\u00f3n: 02\/04\/2025<br>Contenido:<br>\u25cf Resolver adiciones, sustracciones, multiplicaciones y divisiones de N\u00fameros enteros y<br>racionales.<br>\u25cf Resolver ejercicios combinados.<br>\u25cf Resolver e interpretar situaciones matem\u00e1ticas utilizando n\u00fameros enteros y racionales<\/p>\n\n\n\n<p class=\"has-white-color has-vivid-red-background-color has-text-color has-background has-link-color wp-elements-83d84f8a6a71b12a8e17fcc070885d08\"><strong>Evaluaci\u00f3n de lectura complementaria (Lengua y Literatura)<\/strong><\/p>\n\n\n\n<p>Nombre Profesor: V\u00edctor Herrera<br>Curso: 8\u00b0 B<br>Fecha de la evaluaci\u00f3n: mi\u00e9rcoles 26 de marzo.<br>Contenido: \u201cEl lugar secreto\u201d de Jaime Herrera.<\/p>\n\n\n\n<p><\/p>\n","protected":false},"excerpt":{"rendered":"<p>Prueba 8 b\u00e1sico B Historia, geograf\u00eda y Cs. Sociales Fecha: 8 de octubre Prof: Sebasti\u00e1n&nbsp;Riquelme Tema: Proceso de independencia de Chile (1810-1823) Control acumulativo &#8211; Ingl\u00e9s Nombre Profesor(a): Carolina QuitralCurso:&#8230;<\/p>\n<div class=\"royalnews-readmore-wrap\"><a href=\"https:\/\/www.northcross.cl\/index.php\/8-basico-b\/\" class=\"royalnews-readmore\">Explore more <i class=\"far fa-hand-point-right\"><\/i><\/a><\/div>\n","protected":false},"author":1,"featured_media":0,"parent":0,"menu_order":0,"comment_status":"closed","ping_status":"closed","template":"","meta":{"footnotes":""},"class_list":["post-6993","page","type-page","status-publish","hentry"],"_links":{"self":[{"href":"https:\/\/www.northcross.cl\/index.php\/wp-json\/wp\/v2\/pages\/6993","targetHints":{"allow":["GET"]}}],"collection":[{"href":"https:\/\/www.northcross.cl\/index.php\/wp-json\/wp\/v2\/pages"}],"about":[{"href":"https:\/\/www.northcross.cl\/index.php\/wp-json\/wp\/v2\/types\/page"}],"author":[{"embeddable":true,"href":"https:\/\/www.northcross.cl\/index.php\/wp-json\/wp\/v2\/users\/1"}],"replies":[{"embeddable":true,"href":"https:\/\/www.northcross.cl\/index.php\/wp-json\/wp\/v2\/comments?post=6993"}],"version-history":[{"count":0,"href":"https:\/\/www.northcross.cl\/index.php\/wp-json\/wp\/v2\/pages\/6993\/revisions"}],"wp:attachment":[{"href":"https:\/\/www.northcross.cl\/index.php\/wp-json\/wp\/v2\/media?parent=6993"}],"curies":[{"name":"wp","href":"https:\/\/api.w.org\/{rel}","templated":true}]}}