{"id":2149,"date":"2019-03-14T15:54:13","date_gmt":"2019-03-14T15:54:13","guid":{"rendered":"http:\/\/www.northcross.cl\/?page_id=2149"},"modified":"2019-10-30T13:39:44","modified_gmt":"2019-10-30T13:39:44","slug":"5-basico-b","status":"publish","type":"page","link":"https:\/\/www.northcross.cl\/index.php\/5-basico-b\/","title":{"rendered":"5\u00b0 B\u00c1SICO B"},"content":{"rendered":"\n<p class=\"has-text-color has-background has-medium-font-size has-very-light-gray-color has-vivid-red-background-color\"><strong>Tecnolog\u00eda<\/strong><\/p>\n\n\n\n<p>PROFESORA: Alejandra Gonz\u00e1lez<\/p>\n\n\n\n<p>FECHA: Jueves 14 de Noviembre.<\/p>\n\n\n\n<p>CONTENIDO:\u00a0<\/p>\n\n\n\n<p>Sopa de Letra en Excel<br><\/p>\n\n\n\n<p class=\"has-text-color has-background has-medium-font-size has-very-light-gray-color has-vivid-red-background-color\"><strong>Prueba de Lenguaje<\/strong><\/p>\n\n\n\n<p>PROFESOR(A): Vanessa D\u00edaz Car\u00fa<\/p>\n\n\n\n<p>FECHA: jueves 07 de noviembre de 2019<\/p>\n\n\n\n<p>CONTENIDO:\u00a0Lectura complementaria mensual: <strong>El incre\u00edble Kamil. <\/strong>(Andrea Ferrari)\n\n<\/p>\n\n\n\n<p class=\"has-text-color has-background has-medium-font-size has-very-light-gray-color has-vivid-red-background-color\"><strong>Matem\u00e1tica\u00a0<\/strong><\/p>\n\n\n\n<p>PROFESOR(A): Eeleen Reyes Atabales<\/p>\n\n\n\n<p>FECHA: martes 05 de noviembre<\/p>\n\n\n\n<p>CONTENIDO: \u00a0<\/p>\n\n\n\n<p>-Transformar\u00a0 unidades de medida.<\/p>\n\n\n\n<p>-Identificar lados, aristas o caras paralelas y perpendiculares.<\/p>\n\n\n\n<p>-Calcular per\u00edmetro.<\/p>\n\n\n\n<p>-Calcular \u00e1rea de cuadrados, rect\u00e1ngulos, tri\u00e1ngulos, trapecios y paralelogramos.<\/p>\n\n\n\n<p>-Identificar transformaciones\u00a0 isom\u00e9tricas y congruencia de figuras.<br><\/p>\n\n\n\n<p class=\"has-text-color has-background has-medium-font-size has-very-light-gray-color has-vivid-red-background-color\"><strong>Matem\u00e1tica\u00a0<\/strong><\/p>\n\n\n\n<p>PROFESOR(A): Eeleen Reyes Atabales<\/p>\n\n\n\n<p>FECHA: martes 22 de octubre<\/p>\n\n\n\n<p>CONTENIDO: \u00a0<\/p>\n\n\n\n<p>-Transformar\u00a0 unidades de medida.<\/p>\n\n\n\n<p>-Identificar lados, aristas o caras paralelas y perpendiculares.<\/p>\n\n\n\n<p>-Calcular per\u00edmetro.<\/p>\n\n\n\n<p>-Calcular \u00e1rea de cuadrados, rect\u00e1ngulos, tri\u00e1ngulos, trapecios y paralelogramos.<\/p>\n\n\n\n<p>-Identificar transformaciones\u00a0 isom\u00e9tricas y congruencia de figuras.<br><\/p>\n\n\n\n<p class=\"has-text-color has-background has-medium-font-size has-very-light-gray-color has-vivid-red-background-color\"><strong>Artes Visuales<\/strong><\/p>\n\n\n\n<p>PROFESORA: Alejandra Gonz\u00e1lez<\/p>\n\n\n\n<p>FECHA: Jueves 10 de Octubre<\/p>\n\n\n\n<p>CONTENIDO:\u00a0<\/p>\n\n\n\n<p>Evaluaci\u00f3n: Modificaci\u00f3n de Logo\u00a0<\/p>\n\n\n\n<p>(Dise\u00f1o Gr\u00e1fico)<br><\/p>\n\n\n\n<p class=\"has-text-color has-background has-medium-font-size has-very-light-gray-color has-vivid-red-background-color\"><strong>Matem\u00e1tica<\/strong><\/p>\n\n\n\n<p>PROFESOR(A): Eeleen Reyes Atabales<\/p>\n\n\n\n<p>FECHA: \u00a0\u00a0Mi\u00e9rcoles 11 de septiembre<\/p>\n\n\n\n<p>CONTENIDO: \u00a0<\/p>\n\n\n\n<ul class=\"wp-block-list\"><li>Resolver ecuaciones e inecuaciones.<\/li><\/ul>\n\n\n\n<p class=\"has-text-color has-background has-medium-font-size has-very-light-gray-color has-vivid-red-background-color\"><strong>Artes Visuales<\/strong><\/p>\n\n\n\n<p>PROFESORA: Alejandra Gonz\u00e1lez<\/p>\n\n\n\n<p>FECHA: Jueves 12 de Septiembre<\/p>\n\n\n\n<p>CONTENIDO:\u00a0<\/p>\n\n\n\n<p>\u00a0\u00a0\u00a0\u00a0\u00a0\u00a0\u00a0\u00a0\u00a0\u00a0\u00a0\u00a0\u00a0\u00a0\u00a0\u00a0Stencil.<br><\/p>\n\n\n\n<p class=\"has-text-color has-background has-medium-font-size has-very-light-gray-color has-vivid-red-background-color\"><strong>Prueba lenguaje\u00a0\u00a0<\/strong><\/p>\n\n\n\n<p>PROFESOR(A): Nicole Dendarien<\/p>\n\n\n\n<p>FECHA: <strong>Jueves 05 de Septiembre<\/strong><\/p>\n\n\n\n<p>CONTENIDO:<\/p>\n\n\n\n<p>\u00a0\u00a0\u00a0\u00a0\u00a0\u00a0\u00a0\u2013 libro de lectura complementaria.\u00a0<\/p>\n\n\n\n<p><strong>\u201cTerror bajo tierra\u201d <\/strong><br><\/p>\n\n\n\n<p class=\"has-text-color has-background has-medium-font-size has-very-light-gray-color has-vivid-red-background-color\"><strong>Prueba lenguaje\u00a0<\/strong><\/p>\n\n\n\n<p>PROFESOR(A): Nicole Dendarien\u00a0<\/p>\n\n\n\n<p>FECHA: <strong>Jueves 29 de agosto<\/strong>\u00a0\u00a0<\/p>\n\n\n\n<p>CONTENIDO:<\/p>\n\n\n\n<p>\u00a0\u00a0\u00a0\u00a0\u00a0\u00a0\u00a0\u2013 Relato mitol\u00f3gico\u00a0<\/p>\n\n\n\n<p>\u00a0\u00a0\u00a0\u00a0\u00a0\u00a0-Signos de puntuaci\u00f3n\u00a0<\/p>\n\n\n\n<p>\u00a0\u00a0\u00a0\u00a0\u00a0\u00a0\u00a0\u00a0-El c\u00f3mic<br><\/p>\n\n\n\n<p class=\"has-text-color has-background has-medium-font-size has-very-light-gray-color has-vivid-red-background-color\"><strong>Matem\u00e1tica<\/strong><\/p>\n\n\n\n<p>PROFESOR(A): Eeleen Reyes Atabales<\/p>\n\n\n\n<p>FECHA: \u00a0\u00a0martes 27 de agosto<\/p>\n\n\n\n<p>CONTENIDO: \u00a0<\/p>\n\n\n\n<ul class=\"wp-block-list\"><li>Determinar el patr\u00f3n y continuar secuencias num\u00e9ricas.<\/li><li>Expresar situaciones con lenguaje algebraico.<\/li><li>Valorizar expresiones algebraicas.<\/li><li>Determinar los posibles valores de la inc\u00f3gnita.<\/li><li>Reducir expresiones algebraicas.<\/li><\/ul>\n\n\n\n<p class=\"has-text-color has-background has-medium-font-size has-very-light-gray-color has-vivid-red-background-color\"><strong>Artes Visuales<\/strong><\/p>\n\n\n\n<p>PROFESORA: Alejandra Gonz\u00e1lez<\/p>\n\n\n\n<p>FECHA: Jueves 22 de Agosto<\/p>\n\n\n\n<p>CONTENIDO:\u00a0<\/p>\n\n\n\n<p>Vasija de greda<br><\/p>\n\n\n\n<p class=\"has-text-color has-background has-medium-font-size has-very-light-gray-color has-vivid-red-background-color\"><strong>Tecnolog\u00eda<\/strong><\/p>\n\n\n\n<p>PROFESORA: Alejandra Gonz\u00e1lez<\/p>\n\n\n\n<p>FECHA: Jueves 29 de Agosto<\/p>\n\n\n\n<p>CONTENIDO:\u00a0<\/p>\n\n\n\n<ul class=\"wp-block-list\"><li>Crear y guardar documento en Word<\/li><\/ul>\n\n\n\n<p class=\"has-text-color has-background has-medium-font-size has-very-light-gray-color has-vivid-red-background-color\"><strong> CIENCIAS NATURALES  <\/strong><\/p>\n\n\n\n<ul class=\"wp-block-list\"><li>Este semestre el alumno (a) debe tener una <strong>carpeta<\/strong>, donde se encuentren archivados los controles, gu\u00edas y evaluaciones realizadas con su respectiva correcci\u00f3n y firmas del apoderado. La cual podr\u00e1 ser solicitada en cualquier momento y ser evaluada.\u00a0<\/li><li>En cada actividad realizada, se coloca un <strong>timbre<\/strong> el que al finalizar el semestre se convierte en punto para una nota. Si el alumno se ausenta en la clase, deber\u00e1 traerla a la clase siguiente de caso contrario el timbre no se considera.<\/li><li>Los <strong>controles<\/strong> ser\u00e1n realizados los d\u00edas <strong>MIERCOLES, <\/strong>en caso de ausencia el control ser\u00e1 realizado a la clase siguiente inmediatamente.<\/li><\/ul>\n\n\n\n<p>Frente a cualquier situaci\u00f3n o duda no olvidar enviarme una nota por libreta. Se despide cari\u00f1osamente\u00a0<\/p>\n\n\n\n<p>\u00a0 \u00a0 \u00a0 \u00a0 \u00a0 \u00a0 \u00a0 \u00a0 \u00a0 \u00a0 \u00a0 \u00a0 \u00a0 \u00a0 \u00a0 \u00a0 \u00a0 \u00a0 \u00a0 \u00a0 \u00a0 \u00a0 \u00a0 \u00a0 \u00a0 \u00a0 \u00a0 \u00a0 \u00a0 \u00a0 \u00a0 \u00a0 \u00a0 \u00a0 Profesora Victoria Berrueta Reyes<br><\/p>\n\n\n\n<p class=\"has-text-color has-background has-medium-font-size has-very-light-gray-color has-vivid-red-background-color\"><strong>\u00a0Ciencias Naturales\u00a0<\/strong><\/p>\n\n\n\n<p>PROFESOR:Victoria Berrueta Reyes<\/p>\n\n\n\n<ul class=\"wp-block-list\"><li>CONTROL 1: PARTES Y FUNCIONES DEL SISTEMA DIGESTIVO (MI\u00c9RCOLES 07\/08)<\/li><li>CONTROL 2: PARTES Y FUNCIONES DEL SISTEMA RESPIRATORIO (MI\u00c9RCOLES 14\/08)<\/li><li>GUIA DE REPASO PARA EVALUACI\u00d3N MIERCOLES 14\/08<\/li><li>PRUEBA DE SISTEMA DIGESTIVO Y SISTEMA RESPIRATORIO: MI\u00c9RCOLES 21\/08 <\/li><\/ul>\n\n\n\n<p class=\"has-text-color has-background has-medium-font-size has-very-light-gray-color has-vivid-red-background-color\"><strong>Matem\u00e1tica<\/strong><\/p>\n\n\n\n<p>PROFESOR(A): Eeleen Reyes Atabales<\/p>\n\n\n\n<p>FECHA: \u00a0JUEVES 08 de agosto<\/p>\n\n\n\n<p>CONTENIDO:\u00a0<\/p>\n\n\n\n<p>DECIMALES<\/p>\n\n\n\n<ul class=\"wp-block-list\"><li>Lectura y escritura de decimales.<\/li><li>Representaci\u00f3n y ubicaci\u00f3n en la recta.<\/li><li>Comparaci\u00f3n y orden<\/li><li>Expresar decimales como fracci\u00f3n y viceversa.<\/li><li>Resolver problemas aditivos.<\/li><\/ul>\n\n\n\n<p class=\"has-text-color has-background has-medium-font-size has-very-light-gray-color has-vivid-red-background-color\"><strong>Prueba de Lenguaje<\/strong><\/p>\n\n\n\n<p>PROFESOR(A): Alejandra Tamayo R.<\/p>\n\n\n\n<p>FECHA: 27.06.19<\/p>\n\n\n\n<p>CONTENIDOS:<\/p>\n\n\n\n<p>\u2013 Comprensi\u00f3n Lectora.<\/p>\n\n\n\n<p>\u2013 Caracter\u00edsticas principales del poema y su estructura.<\/p>\n\n\n\n<p>\u2013 G\u00e9nero L\u00edrico<\/p>\n\n\n\n<p>\u2013 Hablante L\u00edrico<\/p>\n\n\n\n<p>\u2013 Figuras Literarias vistas en clases: (Hip\u00e9rbaton, Met\u00e1fora, Comparaci\u00f3n, Personificaci\u00f3n, An\u00e1fora, Aliteraci\u00f3n, Hip\u00e9rbole, Ant\u00edtesis, Sinestesia, Ep\u00edteto)<\/p>\n\n\n\n<p>\u2013 Textos informativos.<\/p>\n\n\n\n<p>\u2013 Mitos y leyendas.<\/p>\n\n\n\n<p>\u2013 Vocabulario lecturas del libro, p\u00e1ginas N\u00b088, 94, 95, 96, 110, 112, 113, 114, 120, 121, 126, 130, 131,132,133, 147, 148.<\/p>\n\n\n\n<p class=\"has-text-color has-background has-medium-font-size has-very-light-gray-color has-vivid-red-background-color\"><strong>Matem\u00e1tica<\/strong><\/p>\n\n\n\n<p>PROFESOR(A): Eeleen Reyes Atabales<\/p>\n\n\n\n<p>FECHA: \u00a0martes 25 de junio<\/p>\n\n\n\n<p>CONTENIDO: <\/p>\n\n\n\n<ul class=\"wp-block-list\"><li>Lectura y escritura, representaci\u00f3n, ubicaci\u00f3n en la recta, comparaci\u00f3n y orden, transformaci\u00f3n de fracci\u00f3n impropia a n\u00famero mixto y viceversa, adici\u00f3n y sustracci\u00f3n de fracciones, determinar la cantidad fraccionaria de un grupo de elementos.<\/li><\/ul>\n\n\n\n<p class=\"has-text-color has-background has-medium-font-size has-very-light-gray-color has-vivid-red-background-color\"><strong>Artes Visuales<\/strong><\/p>\n\n\n\n<p>PROFESORA: Alejandra Gonz\u00e1lez<\/p>\n\n\n\n<p>FECHA: Jueves 20 de Junio<\/p>\n\n\n\n<p>CONTENIDO: <\/p>\n\n\n\n<p> \u00a0\u00a0\u00a0\u00a0\u00a0\u00a0\u00a0\u00a0Ilustraci\u00f3n de Flora y Fauna Chilena<br><\/p>\n\n\n\n<p class=\"has-text-color has-background has-medium-font-size has-very-light-gray-color has-vivid-red-background-color\"><strong>Tecnolog\u00eda<\/strong><\/p>\n\n\n\n<p>PROFESORA: Alejandra Gonz\u00e1lez<\/p>\n\n\n\n<p>FECHA: Jueves 13 de Junio<\/p>\n\n\n\n<p>CONTENIDO: <\/p>\n\n\n\n<p>Revisi\u00f3n de vistas principales b\u00e1sicas en objetos tecnol\u00f3gicos: <\/p>\n\n\n\n<ul class=\"wp-block-list\"><li>Alzado, planta y perfil.<\/li><\/ul>\n\n\n\n<hr class=\"wp-block-separator\"\/>\n\n\n\n<figure class=\"wp-block-image\"><img decoding=\"async\" src=\"https:\/\/scontent-scl1-1.xx.fbcdn.net\/v\/t1.0-9\/61609369_323050315255971_4576478917371625472_n.jpg?_nc_cat=105&_nc_eui2=AeFWss-aVmsrSSfma-HnUPXQNZpVsXo_iKQho8dW_pDdmSmMwtMY0GBlbusN6-hZchiGVm1IVlTjbNl1Vju6KLgS9t6Atkc8LoOs0kq6jTPdEQ&_nc_ht=scontent-scl1-1.xx&oh=b2e282c3571ffe013a7f26c853d3658f&oe=5D511620\" alt=\"\"\/><\/figure>\n\n\n\n<p class=\"has-text-color has-background has-medium-font-size has-very-light-gray-color has-vivid-red-background-color\"><strong> PRUEBA HISTORIA <\/strong><\/p>\n\n\n\n<table class=\"wp-block-table\"><tbody><tr><td>PROFESOR: Alexander Riveros    <br>FECHA: martes 04-06-2019   <br>CONTENIDO:    <\/td><\/tr><\/tbody><\/table>\n\n\n\n<ul class=\"wp-block-list\"><li>Descubrimiento\ny Conquista de Am\u00e9rica\u00a0<\/li><li>Viajes de\ndescubrimiento, adelantes tecnol\u00f3gicos, capitulaciones, competencia Espa\u00f1a\nPortugal, empresa de conquista\u00a0<\/li><\/ul>\n\n\n\n<hr class=\"wp-block-separator\"\/>\n\n\n\n<p class=\"has-text-color has-background has-medium-font-size has-very-light-gray-color has-vivid-red-background-color\"><strong> ATENCI\u00d3N  <\/strong><\/p>\n\n\n\n<p>apoderados de 5\u00b0 b\u00e1sico A Y 5\u00b0 b\u00e1sico B ,<br>informamos que la profesora de ciencias naturales a modificado la evaluaci\u00f3n fijada para el 5 de junio, quedando esta para el d\u00eda 12 de junio. <\/p>\n\n\n\n<hr class=\"wp-block-separator\"\/>\n\n\n\n<p class=\"has-text-color has-background has-medium-font-size has-very-light-gray-color has-vivid-red-background-color\"><strong>CONTROLES\nE INTERROGACIONES DE <\/strong><\/p>\n\n\n\n<p><strong>CIENCIAS\nNATURALES <\/strong><\/p>\n\n\n\n<p><strong>Profesora:\nVictoria Berrueta Reyes <\/strong><\/p>\n\n\n\n<p><strong><em>TODAS\nLAS CLASES CONTROLES, SOLO SE SUSPENDE EN EL CASO DE HABER UNA EVALUACION O\nGUIA EVALUADA\u00a0 <\/em><\/strong><\/p>\n\n\n\n<p>\u00a0QUINTO BASICO A =DIAS MIERCOLES<\/p>\n\n\n\n<p>QUINTO BASICO B = DIAS MIERCOLES <\/p>\n\n\n\n<p>SEXTO BASICO=DIAS JUEVES <\/p>\n\n\n\n<hr class=\"wp-block-separator\"\/>\n\n\n\n<p class=\"has-text-color has-background has-medium-font-size has-very-light-gray-color has-vivid-red-background-color\"><strong>DISERTACION\nY ENTREGA DE TRIPTICO <\/strong><\/p>\n\n\n\n<p><strong>Profesora:\nVictoria Berrueta Reyes <\/strong><\/p>\n\n\n\n<p>DE SERES VIVOS<\/p>\n\n\n\n<p>CIENCIAS NATURALES<\/p>\n\n\n\n<p>Mi\u00e9rcoles 22\nde MAYO<\/p>\n\n\n\n<p>PAUTA\nENTREGADA A LOS ALUMNOS<\/p>\n\n\n\n<hr class=\"wp-block-separator\"\/>\n\n\n\n<p class=\"has-text-color has-background has-medium-font-size has-very-light-gray-color has-vivid-red-background-color\"><strong>PRUEBA\nDE CIENCIAS NATURALES<\/strong><\/p>\n\n\n\n<p><strong>Profesora:\nVictoria Berrueta Reyes <\/strong><\/p>\n\n\n\n<p>Mi\u00e9rcoles 3\nde Junio <\/p>\n\n\n\n<p>Organizaci\u00f3n Celular <\/p>\n\n\n\n<ul class=\"wp-block-list\"><li>Funciones Vitales de los Seres\nVivos<\/li><li>Reinos de los Seres Vivos<\/li><li>Caracter\u00edsticas de los\nOrganismos Unicelulares y Pluricelulares<\/li><li>Niveles Organizacionales de la\nC\u00e9lula<\/li><li>Partes de la C\u00e9lula <\/li><li>Tipos de C\u00e9lula <\/li><\/ul>\n\n\n\n<hr class=\"wp-block-separator\"\/>\n\n\n\n<p class=\"has-text-color has-background has-medium-font-size has-very-light-gray-color has-vivid-red-background-color\"><strong>Prueba de Matem\u00e1tica<\/strong><\/p>\n\n\n\n<p>PROFESOR(A): Eeleen Reyes Atabales<br>FECHA: viernes 03 de mayo<br>CONTENIDO:\u00a0<br>\u2013 Resolver operatoria de multiplicaci\u00f3n y divisi\u00f3n.<br>En el caso de la multiplicaci\u00f3n con el segundo factor de un d\u00edgito, con el segundo factor terminado en ceros, con el segundo factor de dos d\u00edgitos.<br>En el caso de la divisi\u00f3n con el divisor de un d\u00edgito.<br>\u2013 Resolver problemas multiplicativos.<\/p>\n\n\n\n<hr class=\"wp-block-separator\"\/>\n\n\n\n<table class=\"wp-block-table\"><tbody><tr><td><strong>Prueba de Lenguaje   5\u00b0 b\u00e1sico A y B   \u00a0 <\/strong>  <br>PROFESOR(A): Alejandra Tamayo R.   <br>FECHA: 25.04.19   CONTENIDOS:    \u00a0\u00a0\u00a0\u00a0<br> \u2013 Comprensi\u00f3n Lectora.   \u00a0\u00a0\u00a0<br>\u00a0 \u2013 Caracter\u00edsticas   principales del cuento y su estructura.\u00a0      \u00a0\u00a0\u00a0\u00a0<br> \u2013 Tipos de personajes   (principal y secundario)   \u00a0\u00a0\u00a0\u00a0<br> \u2013 Caracter\u00edsticas de los   personajes (f\u00edsicas y psicol\u00f3gicas)   \u00a0\u00a0\u00a0\u00a0<br> \u2013 Estructura de la noticia y   sus elementos.   \u00a0\u00a0\u00a0<br>  \u2013 Vocabulario de lecturas del   libro, p\u00e1ginas N\u00b0 18, 19, 20, 21, 22 y 28.  <br> Conectores en oraciones.Identificar informaci\u00f3n expl\u00edcita e impl\u00edcita en un   texto.      \u00a0   <\/td><\/tr><\/tbody><\/table>\n\n\n\n<figure class=\"wp-block-image\"><img decoding=\"async\" src=\"http:\/\/www.northcross.cl\/wp-content\/uploads\/2019\/03\/vicky-.png\" alt=\"\" class=\"wp-image-2217\"\/><\/figure>\n\n\n\n<table class=\"wp-block-table\"><tbody><tr><td>   \u00a0   PRUEBA   DE\u00a0 MATEM\u00c1TICA   5\u00b0   B\u00c1SICO B   <br>PROFESOR(A): EELEEN REYES   \u00a0   FECHA:\u00a0 \u00a0MARTES 19 DE MARZO   <br>CONTENIDOS:\u00a0 En el \u00e1mbito num\u00e9rico hasta los millones:   Lectura y escritura, orden   y comparaci\u00f3n, valor posicional, composici\u00f3n y descomposici\u00f3n (posicional,   expandida, aditiva)   \u00a0   <\/td><\/tr><\/tbody><\/table>\n\n\n\n<table class=\"wp-block-table\"><tbody><tr><td>   \u00a0   CONTROL   DE TALLER DE MATEM\u00c1TICA   5\u00b0   B\u00c1SICO \u00a0B  <br> PROFESOR(A): EELEEN REYES   \u00a0   FECHA: \u00a0\u00a0VIERNES 22 DE MARZO  <br> CONTENIDOS:\u00a0 En el \u00e1mbito num\u00e9rico hasta los millones:   Lectura y escritura, orden   y comparaci\u00f3n, valor posicional, composici\u00f3n y descomposici\u00f3n (posicional,   expandida, aditiva)   \u00a0   <\/td><\/tr><\/tbody><\/table>\n\n\n\n<table class=\"wp-block-table\"><tbody><tr><td>\n  <strong>Lectura\n  Complementaria 2019<\/strong>\n  <\/td><\/tr><tr><td>\n  <strong><em>QUINTO B\u00c1SICO B <\/em><\/strong>\n  <\/td><\/tr><tr><td>Marzo:\u00a0\u00a0\u00a0\u00a0\u00a0\u00a0\u00a0\u00a0\u00a0\u00a0\u00a0          \u00a0\u00a0\u00a0\u00a0 Per\u00edodo de Organizaci\u00f3n.<br><br>Abril: jueves 4\u00a0\u00a0\u00a0\u00a0\u00a0\u00a0\u00a0\u00a0\u00a0\u00a0\u00a0\u00a0\u00a0 \u201cPapa\u00edto piernas largas\u201d (Jean   Webster)       \u00a0\u00a0\u00a0\u00a0\u00a0\u00a0\u00a0\u00a0\u00a0\u00a0\u00a0\u00a0\u00a0\u00a0\u00a0\u00a0\u00a0\u00a0\u00a0\u00a0\u00a0\u00a0\u00a0\u00a0\u00a0 \u00a0\u00a0\u00a0\u00a0\u00a0\u00a0\u00a0\u00a0\u00a0\u00a0\u00a0\u00a0\u00a0\u00a0Editorial sugerida, Zig-zag.   <br><br>Mayo: lunes 6\u00a0\u00a0\u00a0\u00a0\u00a0\u00a0\u00a0\u00a0\u00a0\u00a0\u00a0\u00a0\u00a0\u00a0 \u201cEl incre\u00edble mundo de Llanca\u201d   (Alicia Morel)   \u00a0\u00a0\u00a0\u00a0\u00a0\u00a0\u00a0\u00a0\u00a0\u00a0\u00a0\u00a0\u00a0\u00a0\u00a0\u00a0\u00a0\u00a0\u00a0\u00a0\u00a0\u00a0\u00a0\u00a0 \u00a0\u00a0\u00a0\u00a0\u00a0\u00a0\u00a0\u00a0\u00a0\u00a0\u00a0\u00a0\u00a0\u00a0\u00a0Editorial sugerida, Andr\u00e9s Bello.   <br><br>Junio:\u00a0   jueves 6\u00a0\u00a0\u00a0\u00a0\u00a0\u00a0\u00a0\u00a0\u00a0\u00a0\u00a0 \u00a0\u201cLas vacaciones del peque\u00f1o Nicol\u00e1s\u201d (jean-   Jacques Semp\u00e9 y Rene Goscinny) Editorial sugerida, Alfaguara infantil.   <br><br>Julio:\u00a0   \u00a0jueves 4\u00a0\u00a0\u00a0\u00a0\u00a0 \u00a0\u00a0\u00a0\u00a0\u00a0\u00a0\u201cMis vecinos los ogros\u201d (Josefina Hepp) <br>   \u00a0\u00a0\u00a0\u00a0\u00a0\u00a0\u00a0\u00a0\u00a0\u00a0\u00a0\u00a0\u00a0\u00a0\u00a0\u00a0\u00a0\u00a0\u00a0\u00a0\u00a0\u00a0\u00a0\u00a0 \u00a0\u00a0\u00a0\u00a0\u00a0\u00a0\u00a0\u00a0\u00a0\u00a0\u00a0\u00a0\u00a0\u00a0\u00a0Editorial sugerida, Tusquets.<br><br>Agosto:\u00a0   martes 6\u00a0\u00a0\u00a0\u00a0\u00a0\u00a0\u00a0\u00a0 \u201cHistoria de   una gaviota y del gato que le ense\u00f1o                  a volar\u201d (Luis Sep\u00falveda)\u00a0\u00a0Editorial   sugerida, Zig \u2013 Zag.   <br><br>Septiembre: jueves 5\u00a0\u00a0 \u201cTerror bajo la tierra\u201d (Jaqueline   Balcells y Ana Mar\u00eda Guiraldes)\u00a0\u00a0Editorial sugerida, El barco de   vapor.   <br><br>Octubre:\u00a0   jueves 3\u00a0 \u00a0\u00a0\u00a0\u00a0\u00a0\u00a0\u201cEl Mundo Olvidado\u201d (Carlo Frabetti)   \u00a0\u00a0\u00a0\u00a0\u00a0\u00a0\u00a0\u00a0\u00a0\u00a0\u00a0\u00a0\u00a0\u00a0\u00a0\u00a0\u00a0\u00a0\u00a0\u00a0\u00a0\u00a0\u00a0\u00a0 \u00a0\u00a0\u00a0\u00a0\u00a0\u00a0\u00a0\u00a0\u00a0\u00a0\u00a0\u00a0\u00a0\u00a0Editorial sugerida, El barco de   vapor. <br>  <br>Noviembre: jueves 7\u00a0\u00a0\u00a0 \u201cEl incre\u00edble Kamil\u201d (Andrea Ferrari)<br>   \u00a0\u00a0\u00a0\u00a0\u00a0\u00a0\u00a0\u00a0\u00a0\u00a0\u00a0\u00a0\u00a0\u00a0\u00a0\u00a0\u00a0\u00a0\u00a0\u00a0\u00a0\u00a0\u00a0\u00a0 \u00a0\u00a0\u00a0\u00a0\u00a0\u00a0\u00a0\u00a0\u00a0\u00a0\u00a0\u00a0\u00a0\u00a0Editorial sugerida, El barco de   vapor.   \u00a0   <\/td><\/tr><\/tbody><\/table>\n","protected":false},"excerpt":{"rendered":"<p>Tecnolog\u00eda PROFESORA: Alejandra Gonz\u00e1lez FECHA: Jueves 14 de Noviembre. CONTENIDO:\u00a0 Sopa de Letra en Excel Prueba de Lenguaje PROFESOR(A): Vanessa D\u00edaz Car\u00fa FECHA: jueves 07 de noviembre de 2019 CONTENIDO:\u00a0Lectura&#8230;<\/p>\n<div class=\"royalnews-readmore-wrap\"><a href=\"https:\/\/www.northcross.cl\/index.php\/5-basico-b\/\" class=\"royalnews-readmore\">Explore more <i class=\"far fa-hand-point-right\"><\/i><\/a><\/div>\n","protected":false},"author":1,"featured_media":0,"parent":0,"menu_order":0,"comment_status":"closed","ping_status":"closed","template":"","meta":{"footnotes":""},"class_list":["post-2149","page","type-page","status-publish","hentry"],"_links":{"self":[{"href":"https:\/\/www.northcross.cl\/index.php\/wp-json\/wp\/v2\/pages\/2149","targetHints":{"allow":["GET"]}}],"collection":[{"href":"https:\/\/www.northcross.cl\/index.php\/wp-json\/wp\/v2\/pages"}],"about":[{"href":"https:\/\/www.northcross.cl\/index.php\/wp-json\/wp\/v2\/types\/page"}],"author":[{"embeddable":true,"href":"https:\/\/www.northcross.cl\/index.php\/wp-json\/wp\/v2\/users\/1"}],"replies":[{"embeddable":true,"href":"https:\/\/www.northcross.cl\/index.php\/wp-json\/wp\/v2\/comments?post=2149"}],"version-history":[{"count":0,"href":"https:\/\/www.northcross.cl\/index.php\/wp-json\/wp\/v2\/pages\/2149\/revisions"}],"wp:attachment":[{"href":"https:\/\/www.northcross.cl\/index.php\/wp-json\/wp\/v2\/media?parent=2149"}],"curies":[{"name":"wp","href":"https:\/\/api.w.org\/{rel}","templated":true}]}}